
{"id":7864,"date":"2025-05-10T14:59:18","date_gmt":"2025-05-10T11:59:18","guid":{"rendered":"https:\/\/fecha.gr\/programa-actividades-paralelas-2025\/"},"modified":"2025-05-10T14:59:20","modified_gmt":"2025-05-10T11:59:20","slug":"programa-actividades-paralelas-2025","status":"publish","type":"page","link":"https:\/\/fecha.gr\/es\/programa-actividades-paralelas-2025\/","title":{"rendered":"Programa Actividades Paralelas 2025"},"content":{"rendered":"\n<p><em>Todas las pel\u00edculas se proyectan con subt\u00edtulos en griego<\/em><\/p>\n\n<h3 class=\"wp-block-heading\">lunes 26 de mayo &#8211; Con entrada gratuita<\/h3>\n\n<p><strong>Terraza del Instituto Cervantes<br\/>(Skoufa 31, Atenas)<\/strong><\/p>\n\n<p><strong>21:00<\/strong><\/p>\n\n<h3 class=\"wp-block-heading\"><strong>Cortometrajes \u00abDiversidad\u00bb (Duraci\u00f3n 80\u2019)<\/strong><\/h3>\n\n<p><em>En el marco del Athens Pride Week<\/em><\/p>\n\n<p><strong>Atrapadas<\/strong><br\/>Mar\u00eda Mondrag\u00f3n (M\u00e9xico, 2024, 15\u2019)<\/p>\n\n<figure class=\"wp-block-image size-large is-resized\"><img loading=\"lazy\" decoding=\"async\" width=\"1024\" height=\"576\" src=\"https:\/\/fecha.gr\/wp-content\/uploads\/2025\/05\/trapped_11-1024x576.jpg\" alt=\"\" class=\"wp-image-7802\" style=\"width:400px\" srcset=\"https:\/\/fecha.gr\/wp-content\/uploads\/2025\/05\/trapped_11-1024x576.jpg 1024w, https:\/\/fecha.gr\/wp-content\/uploads\/2025\/05\/trapped_11-300x169.jpg 300w, https:\/\/fecha.gr\/wp-content\/uploads\/2025\/05\/trapped_11-1536x864.jpg 1536w, https:\/\/fecha.gr\/wp-content\/uploads\/2025\/05\/trapped_11.jpg 2000w\" sizes=\"auto, (max-width: 1024px) 100vw, 1024px\" \/><\/figure>\n\n<p>Ximena y Regina son una joven pareja que acaba de contraer matrimonio. Justo cuando est\u00e1n por hacer su entrada triunfal a la recepci\u00f3n, las novias nos llevan por un viaje emocional al quedarse atoradas en un elevador. <\/p>\n\n<p><strong>Intercambio<\/strong><br\/>Amaia Yoldi (Espa\u00f1a, 2024, 14\u2019)<\/p>\n\n<figure class=\"wp-block-image size-large is-resized\"><img loading=\"lazy\" decoding=\"async\" width=\"1024\" height=\"512\" src=\"https:\/\/fecha.gr\/wp-content\/uploads\/2025\/05\/Intercambio1_-1024x512.jpg\" alt=\"\" class=\"wp-image-7663\" style=\"width:400px\" srcset=\"https:\/\/fecha.gr\/wp-content\/uploads\/2025\/05\/Intercambio1_-1024x512.jpg 1024w, https:\/\/fecha.gr\/wp-content\/uploads\/2025\/05\/Intercambio1_-300x150.jpg 300w, https:\/\/fecha.gr\/wp-content\/uploads\/2025\/05\/Intercambio1_.jpg 1200w\" sizes=\"auto, (max-width: 1024px) 100vw, 1024px\" \/><\/figure>\n\n<p>Antonio e In\u00e9s son dos completos desconocidos que se citan a trav\u00e9s de una aplicaci\u00f3n para intercambiarse algo que In\u00e9s no tolera m\u00e1s y que Antonio quiere probar. Entre ellos aparece esa extra\u00f1a complicidad que a veces surge entre desconocidos. Sin embargo, lo que vivimos en la intimidad no siempre es algo que deseamos reconocer.   <\/p>\n\n<p><strong>Mi Primera Comuni\u00f3n<\/strong><br\/>\u00c1ngel Villahermosa (Espa\u00f1a, 2024, 11\u2019)<\/p>\n\n<figure class=\"wp-block-image size-large is-resized\"><img loading=\"lazy\" decoding=\"async\" width=\"1024\" height=\"436\" src=\"https:\/\/fecha.gr\/wp-content\/uploads\/2025\/05\/21-frame4_Mi-primera-comunion-1024x436.jpg\" alt=\"\" class=\"wp-image-7648\" style=\"width:400px\" srcset=\"https:\/\/fecha.gr\/wp-content\/uploads\/2025\/05\/21-frame4_Mi-primera-comunion-1024x436.jpg 1024w, https:\/\/fecha.gr\/wp-content\/uploads\/2025\/05\/21-frame4_Mi-primera-comunion-300x128.jpg 300w, https:\/\/fecha.gr\/wp-content\/uploads\/2025\/05\/21-frame4_Mi-primera-comunion-1536x653.jpg 1536w, https:\/\/fecha.gr\/wp-content\/uploads\/2025\/05\/21-frame4_Mi-primera-comunion-2048x871.jpg 2048w\" sizes=\"auto, (max-width: 1024px) 100vw, 1024px\" \/><\/figure>\n\n<p>Con los matones del colegio pis\u00e1ndole los talones al grito de \u00abmaric\u00f3n\u00bb, Pablo encuentra una iglesia entreabierta en la que no duda entrar.<\/p>\n\n<p><strong>Solo Kim<\/strong><br\/>Javier Prieto de Paula &amp; Diego Herrero (Espa\u00f1a, 2024, 20\u2019)<\/p>\n\n<figure class=\"wp-block-image size-large is-resized\"><img loading=\"lazy\" decoding=\"async\" width=\"1024\" height=\"576\" src=\"https:\/\/fecha.gr\/wp-content\/uploads\/2025\/05\/solo_kim_Frame-03-1024x576.jpg\" alt=\"\" class=\"wp-image-7669\" style=\"width:400px\" srcset=\"https:\/\/fecha.gr\/wp-content\/uploads\/2025\/05\/solo_kim_Frame-03-1024x576.jpg 1024w, https:\/\/fecha.gr\/wp-content\/uploads\/2025\/05\/solo_kim_Frame-03-300x169.jpg 300w, https:\/\/fecha.gr\/wp-content\/uploads\/2025\/05\/solo_kim_Frame-03-1536x864.jpg 1536w, https:\/\/fecha.gr\/wp-content\/uploads\/2025\/05\/solo_kim_Frame-03.jpg 2000w\" sizes=\"auto, (max-width: 1024px) 100vw, 1024px\" \/><\/figure>\n\n<p>Rose Kim es un adolescente transg\u00e9nero. Aunque lo anhela, a\u00fan no lo ha exteriorizado y se desenvuelve con su cuerpo nativo de mujer. Quiz\u00e1 porque est\u00e1 solo en un pa\u00eds al que ha migrado ilegalmente. O quiz\u00e1 (\u00bfsobre todo?) por miedo a perder el \u00fanico v\u00ednculo que lo une afectivamente al mundo: Camila, una beb\u00e9 de pocos meses a la que cuida a diario.   <br\/><\/p>\n\n<p><strong>He Robado Tus Cenizas<\/strong><br\/>Felipe Olaya (Espa\u00f1a, 2024, 20\u2019)<\/p>\n\n<figure class=\"wp-block-image size-large is-resized\"><img loading=\"lazy\" decoding=\"async\" width=\"1024\" height=\"576\" src=\"https:\/\/fecha.gr\/wp-content\/uploads\/2025\/05\/i_stole_your_ashes_FRAME_CONJUNTO-1024x576.jpg\" alt=\"\" class=\"wp-image-7657\" style=\"width:400px\" srcset=\"https:\/\/fecha.gr\/wp-content\/uploads\/2025\/05\/i_stole_your_ashes_FRAME_CONJUNTO-1024x576.jpg 1024w, https:\/\/fecha.gr\/wp-content\/uploads\/2025\/05\/i_stole_your_ashes_FRAME_CONJUNTO-300x169.jpg 300w, https:\/\/fecha.gr\/wp-content\/uploads\/2025\/05\/i_stole_your_ashes_FRAME_CONJUNTO-1536x864.jpg 1536w, https:\/\/fecha.gr\/wp-content\/uploads\/2025\/05\/i_stole_your_ashes_FRAME_CONJUNTO-2048x1152.jpg 2048w\" sizes=\"auto, (max-width: 1024px) 100vw, 1024px\" \/><\/figure>\n\n<p>Isabel se ha quedado viuda a los 65 a\u00f1os. Tras robar la urna de cenizas, Isabel se refugia en un parque para despedirse del amor de su vida, su mujer, mientras recuerda su historia y reflexiona sobre el amor y la p\u00e9rdida. <\/p>\n\n<div style=\"height:50px\" aria-hidden=\"true\" class=\"wp-block-spacer\"><\/div>\n\n<h3 class=\"wp-block-heading\">martes 27 de mayo &#8211; Con entrada gratuita<\/h3>\n\n<p><strong>Unio\u0301n Heleno-Americana<br\/>(22 c\/ Massalias, Atenas)<\/strong><\/p>\n\n<p><strong>18:15<\/strong><\/p>\n\n<h3 class=\"wp-block-heading\"><strong>Cortometrajes \u00abcortoFeCHA\u00bb (Duraci\u00f3n 92\u2019)<\/strong><\/h3>\n\n<p><strong>29 De Febrero<\/strong><br\/>Diego Fandos (Espa\u00f1a, 2024, 23\u2019)<\/p>\n\n<figure class=\"wp-block-image size-large is-resized\"><img loading=\"lazy\" decoding=\"async\" width=\"1024\" height=\"523\" src=\"https:\/\/fecha.gr\/wp-content\/uploads\/2025\/05\/29-febrero-1024x523.jpg\" alt=\"\" class=\"wp-image-7612\" style=\"width:400px\" srcset=\"https:\/\/fecha.gr\/wp-content\/uploads\/2025\/05\/29-febrero-1024x523.jpg 1024w, https:\/\/fecha.gr\/wp-content\/uploads\/2025\/05\/29-febrero-300x153.jpg 300w, https:\/\/fecha.gr\/wp-content\/uploads\/2025\/05\/29-febrero-1536x784.jpg 1536w, https:\/\/fecha.gr\/wp-content\/uploads\/2025\/05\/29-febrero.jpg 2000w\" sizes=\"auto, (max-width: 1024px) 100vw, 1024px\" \/><\/figure>\n\n<p>Anciano y solo, Tom\u00e1s quiere celebrar su cumplea\u00f1os pero no tiene a qui\u00e9n invitar. Excepto a su m\u00e1s amado enemigo. Una comedia triste, un drama esperanzador sobre la situaci\u00f3n de muchos de nuestros mayores.  <\/p>\n\n<p><strong>El D\u00eda De Mi Independencia<\/strong><br\/>Constanza Majluf (Chile, 2024, 19\u2019)<\/p>\n\n<figure class=\"wp-block-image size-large is-resized\"><img loading=\"lazy\" decoding=\"async\" width=\"1024\" height=\"682\" src=\"https:\/\/fecha.gr\/wp-content\/uploads\/2025\/05\/El_Dia_Independecia-still-1-1024x682.jpg\" alt=\"\" class=\"wp-image-7633\" style=\"width:400px\" srcset=\"https:\/\/fecha.gr\/wp-content\/uploads\/2025\/05\/El_Dia_Independecia-still-1-1024x682.jpg 1024w, https:\/\/fecha.gr\/wp-content\/uploads\/2025\/05\/El_Dia_Independecia-still-1-300x200.jpg 300w, https:\/\/fecha.gr\/wp-content\/uploads\/2025\/05\/El_Dia_Independecia-still-1-1536x1024.jpg 1536w, https:\/\/fecha.gr\/wp-content\/uploads\/2025\/05\/El_Dia_Independecia-still-1.jpg 2000w\" sizes=\"auto, (max-width: 1024px) 100vw, 1024px\" \/><\/figure>\n\n<p>Manuela (7), sue\u00f1a con la celebraci\u00f3n del d\u00eda de la Independencia en su escuela y la posibilidad de ganar el concurso del \u201cmejor vestido folcl\u00f3rico\u201d. Mientras, su hermano GABO (16), enfrenta el riesgo de protestar en las calles esperando acabar con la dictadura del Chile de 1988. <\/p>\n\n<p><strong>Obra de arte<\/strong><br\/>Rafael Nieto (Espa\u00f1a, 2024, 11\u2019)<\/p>\n\n<figure class=\"wp-block-image size-large is-resized\"><img loading=\"lazy\" decoding=\"async\" width=\"1024\" height=\"560\" src=\"https:\/\/fecha.gr\/wp-content\/uploads\/2025\/05\/3-frame1_Obra-de-arte-1024x560.jpg\" alt=\"\" class=\"wp-image-7606\" style=\"width:400px\" srcset=\"https:\/\/fecha.gr\/wp-content\/uploads\/2025\/05\/3-frame1_Obra-de-arte-1024x560.jpg 1024w, https:\/\/fecha.gr\/wp-content\/uploads\/2025\/05\/3-frame1_Obra-de-arte-300x164.jpg 300w, https:\/\/fecha.gr\/wp-content\/uploads\/2025\/05\/3-frame1_Obra-de-arte-1536x840.jpg 1536w, https:\/\/fecha.gr\/wp-content\/uploads\/2025\/05\/3-frame1_Obra-de-arte.jpg 1975w\" sizes=\"auto, (max-width: 1024px) 100vw, 1024px\" \/><\/figure>\n\n<p>Una noche, la limpiadora de un conocido museo de arte contempor\u00e1neo tir\u00f3 a la basura una instalaci\u00f3n. Lo que sucedi\u00f3 al d\u00eda siguiente en el despacho de la directora nunca se supo. Hasta ahora.  <\/p>\n\n<p><strong>QUINQUI<\/strong><br\/>Luis Saavedra (Espa\u00f1a, 2024, 10\u2019)<\/p>\n\n<figure class=\"wp-block-image size-large is-resized\"><img loading=\"lazy\" decoding=\"async\" width=\"1024\" height=\"576\" src=\"https:\/\/fecha.gr\/wp-content\/uploads\/2025\/05\/38-banner_Quinqui-1024x576.jpg\" alt=\"\" class=\"wp-image-7615\" style=\"width:400px\" srcset=\"https:\/\/fecha.gr\/wp-content\/uploads\/2025\/05\/38-banner_Quinqui-1024x576.jpg 1024w, https:\/\/fecha.gr\/wp-content\/uploads\/2025\/05\/38-banner_Quinqui-300x169.jpg 300w, https:\/\/fecha.gr\/wp-content\/uploads\/2025\/05\/38-banner_Quinqui-1536x864.jpg 1536w, https:\/\/fecha.gr\/wp-content\/uploads\/2025\/05\/38-banner_Quinqui.jpg 2000w\" sizes=\"auto, (max-width: 1024px) 100vw, 1024px\" \/><\/figure>\n\n<p>Una chica decide atracar la ferreteria de su barrio para emular a sus \u00eddolos del cine quinqui.<\/p>\n\n<p><strong>Cuarentena<\/strong><br\/>Celia De Molina (Espa\u00f1a, 2024, 7\u2019)<\/p>\n\n<figure class=\"wp-block-image size-large is-resized\"><img loading=\"lazy\" decoding=\"async\" width=\"1024\" height=\"575\" src=\"https:\/\/fecha.gr\/wp-content\/uploads\/2025\/05\/CUARENTENA_STILL-2-LOW-1024x575.jpg\" alt=\"\" class=\"wp-image-7627\" style=\"width:400px\" srcset=\"https:\/\/fecha.gr\/wp-content\/uploads\/2025\/05\/CUARENTENA_STILL-2-LOW-1024x575.jpg 1024w, https:\/\/fecha.gr\/wp-content\/uploads\/2025\/05\/CUARENTENA_STILL-2-LOW-300x168.jpg 300w, https:\/\/fecha.gr\/wp-content\/uploads\/2025\/05\/CUARENTENA_STILL-2-LOW.jpg 1440w\" sizes=\"auto, (max-width: 1024px) 100vw, 1024px\" \/><\/figure>\n\n<p>Despu\u00e9s de 40 d\u00edas, Marina por fin ve la luz. Una cafeter\u00eda, un batido, un croissant y mucha mala leche. <\/p>\n\n<p><strong>Depredador<\/strong><br\/>Javier Fesser (Espa\u00f1a, 2024, 10\u2019)<\/p>\n\n<figure class=\"wp-block-image size-large is-resized\"><img loading=\"lazy\" decoding=\"async\" width=\"1024\" height=\"576\" src=\"https:\/\/fecha.gr\/wp-content\/uploads\/2025\/05\/predator_Frame1-1024x576.jpg\" alt=\"\" class=\"wp-image-7645\" style=\"width:400px\" srcset=\"https:\/\/fecha.gr\/wp-content\/uploads\/2025\/05\/predator_Frame1-1024x576.jpg 1024w, https:\/\/fecha.gr\/wp-content\/uploads\/2025\/05\/predator_Frame1-300x169.jpg 300w, https:\/\/fecha.gr\/wp-content\/uploads\/2025\/05\/predator_Frame1-1536x864.jpg 1536w, https:\/\/fecha.gr\/wp-content\/uploads\/2025\/05\/predator_Frame1.jpg 2000w\" sizes=\"auto, (max-width: 1024px) 100vw, 1024px\" \/><\/figure>\n\n<p>Dos amigas viajan por un lugar solitario, cuando su coche sufre una tr\u00e1gica aver\u00eda. <\/p>\n\n<p><strong>La Piscina Vac\u00eda<\/strong><br\/>Pablo Conde (Espa\u00f1a, 2024, 12\u2019)<\/p>\n\n<figure class=\"wp-block-image size-large is-resized\"><img loading=\"lazy\" decoding=\"async\" width=\"1024\" height=\"576\" src=\"https:\/\/fecha.gr\/wp-content\/uploads\/2025\/05\/Lapiscinavacia1-1024x576.jpeg\" alt=\"\" class=\"wp-image-7636\" style=\"width:400px\" srcset=\"https:\/\/fecha.gr\/wp-content\/uploads\/2025\/05\/Lapiscinavacia1-1024x576.jpeg 1024w, https:\/\/fecha.gr\/wp-content\/uploads\/2025\/05\/Lapiscinavacia1-300x169.jpeg 300w, https:\/\/fecha.gr\/wp-content\/uploads\/2025\/05\/Lapiscinavacia1-1536x864.jpeg 1536w, https:\/\/fecha.gr\/wp-content\/uploads\/2025\/05\/Lapiscinavacia1.jpeg 2000w\" sizes=\"auto, (max-width: 1024px) 100vw, 1024px\" \/><\/figure>\n\n<p>Alba va a comer a casa de sus padres, que acaban de construirse una piscina en el patio. Necesita dinero para pagar la entrada de un piso y tiene que ped\u00edrselo a su padre, con quien no se lleva muy bien. Alba es una \u00abprogre\u00bb y su padre un \u00abfacha\u00bb. La madre y el novio de Alba tratan de intermediar entre ambos, pero la comida se complica\u2026   <\/p>\n\n<h3 class=\"wp-block-heading\"><strong>20:00<\/strong><\/h3>\n\n<p><strong>Luthier<br\/><\/strong>Yannis Kostavaras (Grecia, 2025, 76\u2019)<\/p>\n\n<figure class=\"wp-block-image size-large is-resized\"><img loading=\"lazy\" decoding=\"async\" width=\"1024\" height=\"536\" src=\"https:\/\/fecha.gr\/wp-content\/uploads\/2025\/05\/THE-LUTHIER_Main-Hero-1024x536.jpg\" alt=\"\" class=\"wp-image-7708\" style=\"width:400px\" srcset=\"https:\/\/fecha.gr\/wp-content\/uploads\/2025\/05\/THE-LUTHIER_Main-Hero-1024x536.jpg 1024w, https:\/\/fecha.gr\/wp-content\/uploads\/2025\/05\/THE-LUTHIER_Main-Hero-300x157.jpg 300w, https:\/\/fecha.gr\/wp-content\/uploads\/2025\/05\/THE-LUTHIER_Main-Hero-1536x803.jpg 1536w, https:\/\/fecha.gr\/wp-content\/uploads\/2025\/05\/THE-LUTHIER_Main-Hero.jpg 2000w\" sizes=\"auto, (max-width: 1024px) 100vw, 1024px\" \/><\/figure>\n\n<p>Un luthier griego de un peque\u00f1o pueblo de Serres, que fabrica las mejores guitarras flamencas del mundo, tiene el sue\u00f1o de crear el primer festival internacional de m\u00fasica flamenca en su ciudad natal. <br\/><em>A continuaci\u00f3n tendr\u00e1 lugar un coloquio con el equipo de la pel\u00edcula, as\u00ed como una presentaci\u00f3n de flamenco del Festival Hola Flamenco.<\/em><\/p>\n\n<div style=\"height:50px\" aria-hidden=\"true\" class=\"wp-block-spacer\"><\/div>\n\n<h3 class=\"wp-block-heading\">mi\u00e9rcoles 28 de mayo &#8211; Con entrada gratuita<\/h3>\n\n<p><strong>Terraza del Instituto Cervantes<br\/>(Skoufa 31, Atenas)<\/strong><\/p>\n\n<p><strong>21:00<\/strong><\/p>\n\n<p><strong>Homenaje a Galicia (curado por FICBUEU)<\/strong><br\/>(Duraci\u00f3n75\u2019)<\/p>\n\n<p><strong>HABITAR<\/strong><br\/>Anxos Faz\u00e1ns (Espa\u00f1a, 2023, 15\u2019)<\/p>\n\n<figure class=\"wp-block-image size-large is-resized\"><img loading=\"lazy\" decoding=\"async\" width=\"1024\" height=\"576\" src=\"https:\/\/fecha.gr\/wp-content\/uploads\/2025\/05\/Habitar-1024x576.jpg\" alt=\"\" class=\"wp-image-7696\" style=\"width:400px\" srcset=\"https:\/\/fecha.gr\/wp-content\/uploads\/2025\/05\/Habitar-1024x576.jpg 1024w, https:\/\/fecha.gr\/wp-content\/uploads\/2025\/05\/Habitar-300x169.jpg 300w, https:\/\/fecha.gr\/wp-content\/uploads\/2025\/05\/Habitar-1536x864.jpg 1536w, https:\/\/fecha.gr\/wp-content\/uploads\/2025\/05\/Habitar.jpg 1920w\" sizes=\"auto, (max-width: 1024px) 100vw, 1024px\" \/><\/figure>\n\n<p>\u00bfPuede un cuerpo ser una casa? \u00bfQu\u00e9 es un hogar? Habitar trata de responder a estas preguntas sobre la construcci\u00f3n de nuestras identidades a trav\u00e9s del retrato \u00edntimo de personas transg\u00e9nero y no binarias de Galicia.  <\/p>\n\n<p><strong>ULISES<\/strong><br\/>F\u00e9lix Brixel (Espa\u00f1a, 2023, 24\u2019)<\/p>\n\n<figure class=\"wp-block-image size-large is-resized\"><img loading=\"lazy\" decoding=\"async\" width=\"1024\" height=\"616\" src=\"https:\/\/fecha.gr\/wp-content\/uploads\/2025\/05\/Ulises-1024x616.jpg\" alt=\"\" class=\"wp-image-7705\" style=\"width:400px\" srcset=\"https:\/\/fecha.gr\/wp-content\/uploads\/2025\/05\/Ulises-1024x616.jpg 1024w, https:\/\/fecha.gr\/wp-content\/uploads\/2025\/05\/Ulises-300x181.jpg 300w, https:\/\/fecha.gr\/wp-content\/uploads\/2025\/05\/Ulises-1536x925.jpg 1536w, https:\/\/fecha.gr\/wp-content\/uploads\/2025\/05\/Ulises.jpg 1794w\" sizes=\"auto, (max-width: 1024px) 100vw, 1024px\" \/><\/figure>\n\n<p>Ulises, que sufre un acusado trastorno psicomotor, es cuidado por su hermano. Un d\u00eda abandona la casa familiar y decide enterrarse vivo. Su hermano, desesperado, lo encuentra y lo convence para volver, pero ya no sabe qu\u00e9 hacer para protegerlo.  <\/p>\n\n<p><strong>ROMPENTE<\/strong><br\/>Eloy Dom\u00ednguez Ser\u00e9n (Espa\u00f1a, 2022, 25\u2019)<\/p>\n\n<figure class=\"wp-block-image size-large is-resized\"><img loading=\"lazy\" decoding=\"async\" width=\"1024\" height=\"554\" src=\"https:\/\/fecha.gr\/wp-content\/uploads\/2025\/05\/Rompente-1024x554.jpg\" alt=\"\" class=\"wp-image-7699\" style=\"width:400px\" srcset=\"https:\/\/fecha.gr\/wp-content\/uploads\/2025\/05\/Rompente-1024x554.jpg 1024w, https:\/\/fecha.gr\/wp-content\/uploads\/2025\/05\/Rompente-300x162.jpg 300w, https:\/\/fecha.gr\/wp-content\/uploads\/2025\/05\/Rompente-1536x830.jpg 1536w, https:\/\/fecha.gr\/wp-content\/uploads\/2025\/05\/Rompente.jpg 1998w\" sizes=\"auto, (max-width: 1024px) 100vw, 1024px\" \/><\/figure>\n\n<p>Santi es un padre adolescente que vive en un peque\u00f1o pueblo costero. De d\u00eda trabaja en las bateas y por las noches marisquea de manera furtiva. Mientras su novia Luc\u00eda asume en soledad el cuidado del beb\u00e9 de ambos, Santi, ausente y ahogado por la responsabilidad, busca refugio y redenci\u00f3n en el mar.  <\/p>\n\n<p><strong>SANDWICH CAT<\/strong><br\/>David Fidalgo (Espa\u00f1a, 2022, 11\u2019)<\/p>\n\n<figure class=\"wp-block-image size-large is-resized\"><img loading=\"lazy\" decoding=\"async\" width=\"1024\" height=\"576\" src=\"https:\/\/fecha.gr\/wp-content\/uploads\/2025\/05\/Sandwich-Cat-1024x576.jpg\" alt=\"\" class=\"wp-image-7702\" style=\"width:400px\" srcset=\"https:\/\/fecha.gr\/wp-content\/uploads\/2025\/05\/Sandwich-Cat-1024x576.jpg 1024w, https:\/\/fecha.gr\/wp-content\/uploads\/2025\/05\/Sandwich-Cat-300x169.jpg 300w, https:\/\/fecha.gr\/wp-content\/uploads\/2025\/05\/Sandwich-Cat-1536x864.jpg 1536w, https:\/\/fecha.gr\/wp-content\/uploads\/2025\/05\/Sandwich-Cat-2048x1152.jpg 2048w\" sizes=\"auto, (max-width: 1024px) 100vw, 1024px\" \/><\/figure>\n\n<p>David vive solo con su gato, Sandwich Cat. Parec\u00eda un d\u00eda cualquiera sin m\u00e1s pero una visita inesperada le conducir\u00e1 a una reflexi\u00f3n crucial para la humanidad. <\/p>\n\n<h3 class=\"wp-block-heading\"><strong>jueves 5 de junio &#8211; Con entrada gratuita<\/strong><\/h3>\n\n<p><strong>Cine Vox<br\/>(Themistokleus 82, Atenas)<\/strong><\/p>\n\n<p><strong>21:30<\/strong><\/p>\n\n<p><strong>Mariposas Negras<\/strong><br\/>David Baute (Espa\u00f1a- Panam\u00e1, 2024, 83\u2019)<\/p>\n\n<figure class=\"wp-block-image size-large is-resized\"><img loading=\"lazy\" decoding=\"async\" width=\"1024\" height=\"599\" src=\"https:\/\/fecha.gr\/wp-content\/uploads\/2025\/05\/mariposas_negras_3-copia-1024x599.jpg\" alt=\"\" class=\"wp-image-7811\" style=\"width:400px\" srcset=\"https:\/\/fecha.gr\/wp-content\/uploads\/2025\/05\/mariposas_negras_3-copia-1024x599.jpg 1024w, https:\/\/fecha.gr\/wp-content\/uploads\/2025\/05\/mariposas_negras_3-copia-300x176.jpg 300w, https:\/\/fecha.gr\/wp-content\/uploads\/2025\/05\/mariposas_negras_3-copia-1536x899.jpg 1536w, https:\/\/fecha.gr\/wp-content\/uploads\/2025\/05\/mariposas_negras_3-copia.jpg 1846w\" sizes=\"auto, (max-width: 1024px) 100vw, 1024px\" \/><\/figure>\n\n<p>Inspirada por mujeres reales, propone un viaje desde \u00c1frica, el Caribe y Asia hacia un incierto futuro para la humanidad. El cambio clima\u0301tico impacta en las vidas de Tanit, Valeria y Shaila, tres mujeres de puntos muy distintos del planeta pero con algo en comu\u0301n: las tres lo pierden todo por el efecto del calentamiento global y se ven forzadas a migrar. <\/p>\n\n<p><\/p>\n","protected":false},"excerpt":{"rendered":"<p>Todas las pel\u00edculas se proyectan con subt\u00edtulos en griego lunes 26 de mayo &#8211; Con entrada gratuita Terraza del Instituto Cervantes(Skoufa 31, Atenas) 21:00 Cortometrajes \u00abDiversidad\u00bb (Duraci\u00f3n 80\u2019) En el marco del Athens Pride Week AtrapadasMar\u00eda Mondrag\u00f3n (M\u00e9xico, 2024, 15\u2019) Ximena y Regina son una joven pareja que acaba de contraer matrimonio. Justo cuando est\u00e1n por hacer su entrada triunfal&hellip;<\/p>\n","protected":false},"author":2,"featured_media":0,"parent":0,"menu_order":0,"comment_status":"closed","ping_status":"closed","template":"","meta":{"powered_cache_disable_cache":false,"footnotes":""},"class_list":["post-7864","page","type-page","status-publish","hentry","no-post-thumbnail"],"yoast_head":"<!-- This site is optimized with the Yoast SEO plugin v27.5 - https:\/\/yoast.com\/product\/yoast-seo-wordpress\/ -->\n<title>Programa Actividades Paralelas 2025 - FeCHA - Festival de Cine Hispan\u00f3fono de Atenas \/ Hispanic Film Festival of Athens<\/title>\n<meta name=\"robots\" content=\"index, follow, max-snippet:-1, max-image-preview:large, max-video-preview:-1\" \/>\n<link rel=\"canonical\" href=\"https:\/\/fecha.gr\/es\/programa-actividades-paralelas-2025\/\" \/>\n<meta property=\"og:locale\" content=\"es_ES\" \/>\n<meta property=\"og:type\" content=\"article\" \/>\n<meta property=\"og:title\" content=\"Programa Actividades Paralelas 2025 - FeCHA - Festival de Cine Hispan\u00f3fono de Atenas \/ Hispanic Film Festival of Athens\" \/>\n<meta property=\"og:description\" content=\"Todas las pel\u00edculas se proyectan con subt\u00edtulos en griego lunes 26 de mayo &#8211; Con entrada gratuita Terraza del Instituto Cervantes(Skoufa 31, Atenas) 21:00 Cortometrajes \u00abDiversidad\u00bb (Duraci\u00f3n 80\u2019) En el marco del Athens Pride Week AtrapadasMar\u00eda Mondrag\u00f3n (M\u00e9xico, 2024, 15\u2019) Ximena y Regina son una joven pareja que acaba de contraer matrimonio. Justo cuando est\u00e1n por hacer su entrada triunfal&hellip;\" \/>\n<meta property=\"og:url\" content=\"https:\/\/fecha.gr\/es\/programa-actividades-paralelas-2025\/\" \/>\n<meta property=\"og:site_name\" content=\"FeCHA - Festival de Cine Hispan\u00f3fono de Atenas \/ Hispanic Film Festival of Athens\" \/>\n<meta property=\"article:modified_time\" content=\"2025-05-10T11:59:20+00:00\" \/>\n<meta property=\"og:image\" content=\"https:\/\/fecha.gr\/wp-content\/uploads\/2025\/05\/trapped_11.jpg\" \/>\n\t<meta property=\"og:image:width\" content=\"2000\" \/>\n\t<meta property=\"og:image:height\" content=\"1125\" \/>\n\t<meta property=\"og:image:type\" content=\"image\/jpeg\" \/>\n<meta name=\"twitter:card\" content=\"summary_large_image\" \/>\n<script type=\"application\/ld+json\" class=\"yoast-schema-graph\">{\"@context\":\"https:\\\/\\\/schema.org\",\"@graph\":[{\"@type\":\"WebPage\",\"@id\":\"https:\\\/\\\/fecha.gr\\\/es\\\/programa-actividades-paralelas-2025\\\/\",\"url\":\"https:\\\/\\\/fecha.gr\\\/es\\\/programa-actividades-paralelas-2025\\\/\",\"name\":\"Programa Actividades Paralelas 2025 - FeCHA - Festival de Cine Hispan\u00f3fono de Atenas \\\/ Hispanic Film Festival of Athens\",\"isPartOf\":{\"@id\":\"https:\\\/\\\/fecha.gr\\\/#website\"},\"primaryImageOfPage\":{\"@id\":\"https:\\\/\\\/fecha.gr\\\/es\\\/programa-actividades-paralelas-2025\\\/#primaryimage\"},\"image\":{\"@id\":\"https:\\\/\\\/fecha.gr\\\/es\\\/programa-actividades-paralelas-2025\\\/#primaryimage\"},\"thumbnailUrl\":\"https:\\\/\\\/fecha.gr\\\/wp-content\\\/uploads\\\/2025\\\/05\\\/trapped_11-1024x576.jpg\",\"datePublished\":\"2025-05-10T11:59:18+00:00\",\"dateModified\":\"2025-05-10T11:59:20+00:00\",\"breadcrumb\":{\"@id\":\"https:\\\/\\\/fecha.gr\\\/es\\\/programa-actividades-paralelas-2025\\\/#breadcrumb\"},\"inLanguage\":\"es\",\"potentialAction\":[{\"@type\":\"ReadAction\",\"target\":[\"https:\\\/\\\/fecha.gr\\\/es\\\/programa-actividades-paralelas-2025\\\/\"]}]},{\"@type\":\"ImageObject\",\"inLanguage\":\"es\",\"@id\":\"https:\\\/\\\/fecha.gr\\\/es\\\/programa-actividades-paralelas-2025\\\/#primaryimage\",\"url\":\"https:\\\/\\\/fecha.gr\\\/wp-content\\\/uploads\\\/2025\\\/05\\\/trapped_11-1024x576.jpg\",\"contentUrl\":\"https:\\\/\\\/fecha.gr\\\/wp-content\\\/uploads\\\/2025\\\/05\\\/trapped_11-1024x576.jpg\"},{\"@type\":\"BreadcrumbList\",\"@id\":\"https:\\\/\\\/fecha.gr\\\/es\\\/programa-actividades-paralelas-2025\\\/#breadcrumb\",\"itemListElement\":[{\"@type\":\"ListItem\",\"position\":1,\"name\":\"Home\",\"item\":\"https:\\\/\\\/fecha.gr\\\/es\\\/coming-soon\\\/\"},{\"@type\":\"ListItem\",\"position\":2,\"name\":\"Programa Actividades Paralelas 2025\"}]},{\"@type\":\"WebSite\",\"@id\":\"https:\\\/\\\/fecha.gr\\\/#website\",\"url\":\"https:\\\/\\\/fecha.gr\\\/\",\"name\":\"FeCHA - Festival de Cine Hispan\u00f3fono de Atenas \\\/ Hispanic Film Festival of Athens\",\"description\":\"\",\"publisher\":{\"@id\":\"https:\\\/\\\/fecha.gr\\\/#organization\"},\"potentialAction\":[{\"@type\":\"SearchAction\",\"target\":{\"@type\":\"EntryPoint\",\"urlTemplate\":\"https:\\\/\\\/fecha.gr\\\/?s={search_term_string}\"},\"query-input\":{\"@type\":\"PropertyValueSpecification\",\"valueRequired\":true,\"valueName\":\"search_term_string\"}}],\"inLanguage\":\"es\"},{\"@type\":\"Organization\",\"@id\":\"https:\\\/\\\/fecha.gr\\\/#organization\",\"name\":\"FeCHA - Festival de Cine Hispan\u00f3fono de Atenas\",\"url\":\"https:\\\/\\\/fecha.gr\\\/\",\"logo\":{\"@type\":\"ImageObject\",\"inLanguage\":\"es\",\"@id\":\"https:\\\/\\\/fecha.gr\\\/#\\\/schema\\\/logo\\\/image\\\/\",\"url\":\"https:\\\/\\\/fecha.gr\\\/wp-content\\\/uploads\\\/2016\\\/05\\\/favicon-fecha.png\",\"contentUrl\":\"https:\\\/\\\/fecha.gr\\\/wp-content\\\/uploads\\\/2016\\\/05\\\/favicon-fecha.png\",\"width\":1000,\"height\":1000,\"caption\":\"FeCHA - Festival de Cine Hispan\u00f3fono de Atenas\"},\"image\":{\"@id\":\"https:\\\/\\\/fecha.gr\\\/#\\\/schema\\\/logo\\\/image\\\/\"}}]}<\/script>\n<!-- \/ Yoast SEO plugin. -->","yoast_head_json":{"title":"Programa Actividades Paralelas 2025 - FeCHA - Festival de Cine Hispan\u00f3fono de Atenas \/ Hispanic Film Festival of Athens","robots":{"index":"index","follow":"follow","max-snippet":"max-snippet:-1","max-image-preview":"max-image-preview:large","max-video-preview":"max-video-preview:-1"},"canonical":"https:\/\/fecha.gr\/es\/programa-actividades-paralelas-2025\/","og_locale":"es_ES","og_type":"article","og_title":"Programa Actividades Paralelas 2025 - FeCHA - Festival de Cine Hispan\u00f3fono de Atenas \/ Hispanic Film Festival of Athens","og_description":"Todas las pel\u00edculas se proyectan con subt\u00edtulos en griego lunes 26 de mayo &#8211; Con entrada gratuita Terraza del Instituto Cervantes(Skoufa 31, Atenas) 21:00 Cortometrajes \u00abDiversidad\u00bb (Duraci\u00f3n 80\u2019) En el marco del Athens Pride Week AtrapadasMar\u00eda Mondrag\u00f3n (M\u00e9xico, 2024, 15\u2019) Ximena y Regina son una joven pareja que acaba de contraer matrimonio. Justo cuando est\u00e1n por hacer su entrada triunfal&hellip;","og_url":"https:\/\/fecha.gr\/es\/programa-actividades-paralelas-2025\/","og_site_name":"FeCHA - Festival de Cine Hispan\u00f3fono de Atenas \/ Hispanic Film Festival of Athens","article_modified_time":"2025-05-10T11:59:20+00:00","og_image":[{"width":2000,"height":1125,"url":"https:\/\/fecha.gr\/wp-content\/uploads\/2025\/05\/trapped_11.jpg","type":"image\/jpeg"}],"twitter_card":"summary_large_image","schema":{"@context":"https:\/\/schema.org","@graph":[{"@type":"WebPage","@id":"https:\/\/fecha.gr\/es\/programa-actividades-paralelas-2025\/","url":"https:\/\/fecha.gr\/es\/programa-actividades-paralelas-2025\/","name":"Programa Actividades Paralelas 2025 - FeCHA - Festival de Cine Hispan\u00f3fono de Atenas \/ Hispanic Film Festival of Athens","isPartOf":{"@id":"https:\/\/fecha.gr\/#website"},"primaryImageOfPage":{"@id":"https:\/\/fecha.gr\/es\/programa-actividades-paralelas-2025\/#primaryimage"},"image":{"@id":"https:\/\/fecha.gr\/es\/programa-actividades-paralelas-2025\/#primaryimage"},"thumbnailUrl":"https:\/\/fecha.gr\/wp-content\/uploads\/2025\/05\/trapped_11-1024x576.jpg","datePublished":"2025-05-10T11:59:18+00:00","dateModified":"2025-05-10T11:59:20+00:00","breadcrumb":{"@id":"https:\/\/fecha.gr\/es\/programa-actividades-paralelas-2025\/#breadcrumb"},"inLanguage":"es","potentialAction":[{"@type":"ReadAction","target":["https:\/\/fecha.gr\/es\/programa-actividades-paralelas-2025\/"]}]},{"@type":"ImageObject","inLanguage":"es","@id":"https:\/\/fecha.gr\/es\/programa-actividades-paralelas-2025\/#primaryimage","url":"https:\/\/fecha.gr\/wp-content\/uploads\/2025\/05\/trapped_11-1024x576.jpg","contentUrl":"https:\/\/fecha.gr\/wp-content\/uploads\/2025\/05\/trapped_11-1024x576.jpg"},{"@type":"BreadcrumbList","@id":"https:\/\/fecha.gr\/es\/programa-actividades-paralelas-2025\/#breadcrumb","itemListElement":[{"@type":"ListItem","position":1,"name":"Home","item":"https:\/\/fecha.gr\/es\/coming-soon\/"},{"@type":"ListItem","position":2,"name":"Programa Actividades Paralelas 2025"}]},{"@type":"WebSite","@id":"https:\/\/fecha.gr\/#website","url":"https:\/\/fecha.gr\/","name":"FeCHA - Festival de Cine Hispan\u00f3fono de Atenas \/ Hispanic Film Festival of Athens","description":"","publisher":{"@id":"https:\/\/fecha.gr\/#organization"},"potentialAction":[{"@type":"SearchAction","target":{"@type":"EntryPoint","urlTemplate":"https:\/\/fecha.gr\/?s={search_term_string}"},"query-input":{"@type":"PropertyValueSpecification","valueRequired":true,"valueName":"search_term_string"}}],"inLanguage":"es"},{"@type":"Organization","@id":"https:\/\/fecha.gr\/#organization","name":"FeCHA - Festival de Cine Hispan\u00f3fono de Atenas","url":"https:\/\/fecha.gr\/","logo":{"@type":"ImageObject","inLanguage":"es","@id":"https:\/\/fecha.gr\/#\/schema\/logo\/image\/","url":"https:\/\/fecha.gr\/wp-content\/uploads\/2016\/05\/favicon-fecha.png","contentUrl":"https:\/\/fecha.gr\/wp-content\/uploads\/2016\/05\/favicon-fecha.png","width":1000,"height":1000,"caption":"FeCHA - Festival de Cine Hispan\u00f3fono de Atenas"},"image":{"@id":"https:\/\/fecha.gr\/#\/schema\/logo\/image\/"}}]}},"_links":{"self":[{"href":"https:\/\/fecha.gr\/es\/wp-json\/wp\/v2\/pages\/7864","targetHints":{"allow":["GET"]}}],"collection":[{"href":"https:\/\/fecha.gr\/es\/wp-json\/wp\/v2\/pages"}],"about":[{"href":"https:\/\/fecha.gr\/es\/wp-json\/wp\/v2\/types\/page"}],"author":[{"embeddable":true,"href":"https:\/\/fecha.gr\/es\/wp-json\/wp\/v2\/users\/2"}],"replies":[{"embeddable":true,"href":"https:\/\/fecha.gr\/es\/wp-json\/wp\/v2\/comments?post=7864"}],"version-history":[{"count":0,"href":"https:\/\/fecha.gr\/es\/wp-json\/wp\/v2\/pages\/7864\/revisions"}],"wp:attachment":[{"href":"https:\/\/fecha.gr\/es\/wp-json\/wp\/v2\/media?parent=7864"}],"curies":[{"name":"wp","href":"https:\/\/api.w.org\/{rel}","templated":true}]}}