
{"id":544,"date":"2016-04-21T19:03:42","date_gmt":"2016-04-21T16:03:42","guid":{"rendered":"http:\/\/fecha.gr\/es\/?page_id=544"},"modified":"2017-05-19T23:39:19","modified_gmt":"2017-05-19T20:39:19","slug":"programa","status":"publish","type":"page","link":"https:\/\/fecha.gr\/es\/programa\/","title":{"rendered":"Programa"},"content":{"rendered":"<h1 style=\"border: 25px solid #85181c;padding: 25px;margin: 25px; text-align:center;\"><a href=\"https:\/\/fecha.gr\/es\/programa-2017\/\">Aqu\u00ed se encuentra el programa del festival FeCHA 2017<\/a><\/h1>\n<h2>jueves 2 de junio 2016<\/h2>\n<h3>21.30<\/h3>\n<p><a href=\"https:\/\/fecha.gr\/658\/trouman-truman\/\"><strong><img loading=\"lazy\" decoding=\"async\" class=\"alignleft size-thumbnail wp-image-652\" src=\"https:\/\/fecha.gr\/wp-content\/uploads\/2016\/05\/web-1truman-150x150.jpg\" alt=\"Truman \u03c4\u03b1\u03b9\u03bd\u03af\u03b1 \u03c4\u03bf\u03c5 Cesc Gay FeCHA \u03a6\u03b5\u03c3\u03c4\u03b9\u03b2\u03ac\u03bb \u0399\u03c3\u03c0\u03b1\u03bd\u03cc\u03c6\u03c9\u03bd\u03bf\u03c5 \u039a\u03b9\u03bd\u03b7\u03bc\u03b1\u03c4\u03bf\u03b3\u03c1\u03ac\u03c6\u03bf\u03c5\" width=\"150\" height=\"150\" \/><\/strong><\/a><a href=\"https:\/\/fecha.gr\/es\/651\/truman\/\"><strong>TRUMAN (Cesc Gay, Espa\u00f1a, 2015, 108&#8242;)<\/strong><\/a><\/p>\n<p>Juli\u00e1n recibe la visita inesperada de su amigo Tom\u00e1s que vive en Canad\u00e1. Los dos amigos junto a Truman, su perro fiel, compartir\u00e1n, a lo largo de cuatro intensos d\u00edas, momentos emotivos y sorprendentes provocados por la dif\u00edcil situaci\u00f3n que est\u00e1 atravesando Juli\u00e1n.<\/p>\n<p><strong><em>Ceremonia de apertura patrocinado por el restaurante \u00bb El Mexicano \u00bb y Sol .<\/em><\/strong><\/p>\n<p>&nbsp;<\/p>\n<h2>viernes 3\u00a0de junio 2016<\/h2>\n<h2>21.00<\/h2>\n<p><a href=\"https:\/\/fecha.gr\/469\/syberifora\/\"><strong><img loading=\"lazy\" decoding=\"async\" class=\"alignleft size-thumbnail wp-image-470\" src=\"https:\/\/fecha.gr\/wp-content\/uploads\/2016\/04\/conductastillweb-150x150.jpg\" alt=\"Conducta \/ Behaviour \/ \u03a3\u03c5\u03bc\u03c0\u03b5\u03c1\u03b9\u03c6\u03bf\u03c1\u03ac\" width=\"150\" height=\"150\" \/><\/strong><\/a><a href=\"https:\/\/fecha.gr\/es\/478\/conducta\/\"><strong>CONDUCTA (Ernesto Daranas, Cuba, 2014, 110&#8242;)<\/strong><\/a><\/p>\n<p>Chala tiene once a\u00f1os, vive solo con su madre adicta y entrena perros de pelea para buscar un sustento econ\u00f3mico. Este entorno de violencia a veces sale a relucir en la escuela. Carmela es su maestra de sexto grado y el muchacho siente un gran respeto por ella; pero cuando Carmela enferma y se ve obligada a abandonar el aula durante varios meses, una nueva profesora, incapaz de manejar el car\u00e1cter de Chala, lo traslada a una escuela de conducta.<\/p>\n<p>&nbsp;<\/p>\n<h3>23.00<\/h3>\n<p><a href=\"https:\/\/fecha.gr\/485\/i-megeres-musaranas\/\"><strong><img loading=\"lazy\" decoding=\"async\" class=\"alignleft size-thumbnail wp-image-481\" src=\"https:\/\/fecha.gr\/wp-content\/uploads\/2016\/04\/hwsg4cafspvojr6xv3frb6u2qim-150x150.jpg\" alt=\"Musara\u00f1as \/ Shrew\u2019s Nest \/ \u039f\u03b9 \u039c\u03ad\u03b3\u03b1\u03b9\u03c1\u03b5\u03c2\" width=\"150\" height=\"150\" \/><\/strong><\/a><a href=\"https:\/\/fecha.gr\/es\/480\/musaranas\/\"><strong>MUSARA\u00d1AS (Juanfer Andr\u00e9s &#8211; Esteban Roel, Espa\u00f1a, 2014, 90&#8242;)<\/strong><\/a><\/p>\n<p>Espa\u00f1a, a\u00f1os 50. Montse (Macarena G\u00f3mez) ha perdido su juventud cuidando de su hermana peque\u00f1a, con la que vive en un siniestro piso del centro de Madrid. Tras la muerte de su madre, su padre (Luis Tosar) huy\u00f3 cobardemente dej\u00e1ndolas solas. Montse padece agorafobia pero no lo sabe y se esconde de la vida, entre cuatro paredes, volvi\u00e9ndose cada vez m\u00e1s obsesiva y desequilibrada. Trabaja de costurera y el \u00fanico eslab\u00f3n que la une con la realidad es su hermana.<\/p>\n<p>&nbsp;<\/p>\n<h2>s\u00e1bado 4\u00a0de junio\u00a02016<\/h2>\n<h2>21.00<\/h2>\n<p><a href=\"https:\/\/fecha.gr\/588\/pios-klevi-pion-cien-anos-de-perdon\/\"><strong><img loading=\"lazy\" decoding=\"async\" class=\"alignleft size-thumbnail wp-image-589\" src=\"https:\/\/fecha.gr\/wp-content\/uploads\/2016\/04\/cien-anos-de-perdon-peliculaweb-150x150.jpg\" alt=\"\u03a0\u03bf\u03b9\u03cc\u03c2 \u03ba\u03bb\u03ad\u03b2\u03b5\u03b9 \u03c0\u03bf\u03b9\u03cc\u03bd; \/ Cien a\u00f1os de perd\u00f3n\" width=\"150\" height=\"150\" \/><\/strong><\/a><a href=\"https:\/\/fecha.gr\/es\/600\/cien-anos-de-perdon\/\"><strong>CIEN A\u00d1OS DE PERD\u00d3N (Daniel Calparsoro, Espa\u00f1a, 2016, 95&#8242;)<\/strong><\/a><\/p>\n<p>Una ma\u00f1ana lluviosa, seis hombres disfrazados y armados asaltan la sede central de un banco en Valencia. Lo que parec\u00eda un robo limpio y f\u00e1cil pronto se complica, y nada saldr\u00e1 como estaba planeado. Esto provoca desconfianza y enfrentamiento entre los dos l\u00edderes de la banda, \u201cEl Uruguayo\u201d y \u201cEl Gallego\u201d. Pero \u00bfqu\u00e9 es exactamente lo que buscan los atracadores?<\/p>\n<p>&nbsp;<\/p>\n<h3>22.50<\/h3>\n<p><a href=\"https:\/\/fecha.gr\/623\/apo-makria-desde-alla\/\"><strong><img loading=\"lazy\" decoding=\"async\" class=\"alignleft size-thumbnail wp-image-620\" src=\"https:\/\/fecha.gr\/wp-content\/uploads\/2016\/04\/desde-allaweb-150x150.jpg\" alt=\"Desde All\u00e1 una pel\u00edcula de Lorenzo Vigas\" width=\"150\" height=\"150\" \/><\/strong><\/a><a href=\"https:\/\/fecha.gr\/es\/619\/desde-alla\/\"><strong>DESDE ALL\u00c1 (Lorenzo Vigas, Venezuela\u00a0&#8211; M\u00e9xico, 2015, 93&#8242;)<\/strong><\/a><\/p>\n<p>En medio de la convulsionada Caracas, Armando (50), due\u00f1o de un laboratorio de pr\u00f3tesis dentales, busca a hombres j\u00f3venes en paradas de autob\u00fas y les ofrece dinero para que lo acompa\u00f1en a su casa y observarles. Al mismo tiempo, Armando tiene la costumbre de espiar a un hombre de edad avanzada: sabe d\u00f3nde vive, qu\u00e9 lugares frecuenta; algo en el pasado de ambos los une.<\/p>\n<p>&nbsp;<\/p>\n<h2>domingo 5\u00a0de junio\u00a02016<\/h2>\n<h2>21.00<\/h2>\n<p><a href=\"https:\/\/fecha.gr\/611\/choris-pedia\/\"><strong><img loading=\"lazy\" decoding=\"async\" class=\"alignleft size-thumbnail wp-image-612\" src=\"https:\/\/fecha.gr\/wp-content\/uploads\/2016\/04\/no-kids-5-150x150.jpg\" alt=\"\u03a7\u03c9\u03c1\u03af\u03c2 \u03a0\u03b1\u03b9\u03b4\u03b9\u03ac \/ Sin Hijos \u03bc\u03b9\u03b1 \u03c4\u03b1\u03b9\u03bd\u03af\u03b1 \u03c4\u03b7\u03c2 \u0386\u03c1\u03b9\u03b5\u03bb \u0393\u03bf\u03c5\u03af\u03bd\u03bf\u03b3\u03ba\u03c1\u03b1\u03bd\u03c4\" width=\"150\" height=\"150\" \/><\/strong><\/a><a href=\"https:\/\/fecha.gr\/es\/617\/sin-hijos\/\"><strong>SIN HIJOS (Ariel Winograd, Argentina &#8211; Espa\u00f1a, 2015, 90&#8242;)<\/strong><\/a><\/p>\n<p>Gabriel est\u00e1 separado hace cuatro a\u00f1os. Desde entonces Sof\u00eda, su hija de ocho a\u00f1os, es el centro de su vida. Negado de plano a intentar una nueva relaci\u00f3n amorosa, Gabriel vuelca toda su energ\u00eda en su hija y en su trabajo. El idilio padre-hija se ve conmocionado por la aparici\u00f3n de Vicky, amor plat\u00f3nico de la adolescencia, transformada ahora en una mujer hermosa, independiente y desenfadada.<\/p>\n<p>&nbsp;<\/p>\n<h3>22.45<\/h3>\n<p><a href=\"https:\/\/fecha.gr\/460\/four-moons-tessera-fengaria\/\"><strong><img loading=\"lazy\" decoding=\"async\" class=\"alignleft size-thumbnail wp-image-510\" src=\"https:\/\/fecha.gr\/wp-content\/uploads\/2016\/04\/fourmoons-150x150.jpeg\" alt=\"Cuatro Lunas - FeCHA - Festival de Cine Hispano de Atenas\" width=\"150\" height=\"150\" \/><\/strong><\/a><a href=\"https:\/\/fecha.gr\/es\/508\/cuatro-lunas\/\"><strong>CUATRO LUNAS (Sergio Tovar Velarde, M\u00e9xico, 2013, 110&#8242;)<\/strong><\/a><\/p>\n<p>Cuatro historias de amor y desamor entre hombres de diferentes generaciones enfrentando sus conflictos y sus miedos.\u00a0Cuatro historias de amor y autoaceptaci\u00f3n.<\/p>\n<p>&nbsp;<\/p>\n<p>&nbsp;<\/p>\n<p>&nbsp;<\/p>\n<h2>lunes 6 de junio\u00a02016<\/h2>\n<h2>21.00<\/h2>\n<p><a href=\"https:\/\/fecha.gr\/632\/argia-feriado\/\"><strong><img loading=\"lazy\" decoding=\"async\" class=\"alignleft size-thumbnail wp-image-634\" src=\"https:\/\/fecha.gr\/wp-content\/uploads\/2016\/04\/feriado-erste-liebe-16-rcm0x1920u-150x150.jpg\" alt=\"\u0394\u03b9\u03b1\u03ba\u03bf\u03c0\u03ad\u03c2 \/ Feriado \u03bc\u03b9\u03b1 \u03c4\u03b1\u03b9\u03bd\u03af\u03b1 \u03c4\u03bf\u03c5 \u039d\u03c4\u03b9\u03ad\u03b3\u03ba\u03bf \u0391\u03c1\u03b1\u03bf\u03cd\u03c7\u03bf FeCHA \u03c6\u03b5\u03c3\u03c4\u03b9\u03b2\u03ac\u03bb \u0399\u03c3\u03c0\u03b1\u03bd\u03cc\u03c6\u03c9\u03bd\u03bf\u03c5 \u039a\u03b9\u03bd\u03b7\u03bc\u03b1\u03c4\u03bf\u03b3\u03c1\u03ac\u03c6\u03bf\u03c5\" width=\"150\" height=\"150\" \/><\/strong><\/a><a href=\"https:\/\/fecha.gr\/es\/641\/feriado\/\"><strong>FERIADO (Diego Araujo, Ecuador, 2014, 82&#8242;)<\/strong><\/a><\/p>\n<p>Juan Pablo, un chico de diecis\u00e9is a\u00f1os, viaja a la hacienda de familia, donde est\u00e1 refugiado su t\u00edo, un banquero involucrado en un esc\u00e1ndalo de corrupci\u00f3n, junto con su esposa e hijos adolescentes. Ah\u00ed, Juan Pablo conoce a Juano, un enigm\u00e1tico blackmetalero del pueblo cercano. Con \u00e9l, Juan Pablo descubrir\u00e1 un universo liberador ajeno al suyo.<\/p>\n<p>&nbsp;<\/p>\n<p>&nbsp;<\/p>\n<h3>22.30<\/h3>\n<p><a href=\"https:\/\/fecha.gr\/660\/ta-manitaria-los-hongos\/\"><strong><img loading=\"lazy\" decoding=\"async\" class=\"alignleft size-thumbnail wp-image-661\" src=\"https:\/\/fecha.gr\/wp-content\/uploads\/2016\/05\/los-hongos-06-150x150.jpg\" alt=\"\u03a4\u03b1 \u039c\u03b1\u03bd\u03b9\u03c4\u03ac\u03c1\u03b9\u03b1 \/ Los Hongos \u03c4\u03b1\u03b9\u03bd\u03af\u03b1 FeCHA \u03c6\u03b5\u03c3\u03c4\u03b9\u03b2\u03ac\u03bb \u03b9\u03c3\u03c0\u03b1\u03bd\u03cc\u03c6\u03c9\u03bd\u03bf\u03c5 \u03ba\u03b9\u03bd\u03b7\u03bc\u03b1\u03c4\u03bf\u03b3\u03c1\u03ac\u03c6\u03bf\u03c5\" width=\"150\" height=\"150\" \/><\/strong><\/a><a href=\"https:\/\/fecha.gr\/es\/666\/los-hongos\/\"><strong>LOS HONGOS (Oscar Ruiz Navia, Colombia, 2014, 103&#8242;)<\/strong><\/a><\/p>\n<p>Cada noche despu\u00e9s del trabajo, RAS pinta grafitis en distintos muros de su barrio al oriente de Cali. Durante el d\u00eda es obrero de construcci\u00f3n y el hijo de MARIA, una dulce mulata que emigr\u00f3 a la ciudad proveniente de la selva del pac\u00edfico. Un d\u00eda RAS pierde su trabajo por robar varios tarros de pintura con los que ven\u00eda haciendo un gran mural en el lote contiguo a su casa.<\/p>\n<p>&nbsp;<\/p>\n<h2>martes 7\u00a0de junio\u00a02016<\/h2>\n<h2>21.00<\/h2>\n<p><a href=\"https:\/\/fecha.gr\/580\/katsikes-den-chanoun-treno-las-ovejas-no-pierden-el-tren\/\"><strong><img loading=\"lazy\" decoding=\"async\" class=\"alignleft size-thumbnail wp-image-708\" src=\"https:\/\/fecha.gr\/wp-content\/uploads\/2016\/04\/weone_foto_galeria_4629full-2rygmc8cdaybvf4r-150x150.jpg\" alt=\"las ovejas\" width=\"150\" height=\"150\" \/><\/strong><\/a><a href=\"https:\/\/fecha.gr\/es\/586\/las-ovejas-no-pierden-el-tren\/\"><strong>LAS OVEJAS NO PIERDEN EL TREN (\u00c1lvaro Fern\u00e1ndez Armero, Espa\u00f1a, 2014, 103&#8242;)<\/strong><\/a><\/p>\n<p>Luisa y Alberto se han visto obligados a irse a vivir al campo, pero la id\u00edlica vida rural enseguida empieza a mostrar su cara menos amable. A pesar de que la pareja no atraviesa por sus mejores momentos, Luisa est\u00e1 obsesionada con tener un segundo hijo, aunque el precio sea el sexo m\u00e1s ap\u00e1tico imaginable.<\/p>\n<p>&nbsp;<\/p>\n<h3>23.00<\/h3>\n<p><a href=\"https:\/\/fecha.gr\/495\/nn\/\"><strong><img loading=\"lazy\" decoding=\"async\" class=\"alignleft size-thumbnail wp-image-451\" src=\"https:\/\/fecha.gr\/wp-content\/uploads\/2016\/04\/nn-sin-identidad-150x150.jpg\" alt=\"NN A film by H\u00e9ctor G\u00e1lvez FeCHA \u0399\u03c3\u03c0\u03b1\u03bd\u03cc\u03c6\u03c9\u03bd\u03bf \u039a\u03b9\u03bd\u03b7\u03bc\u03b1\u03c4\u03bf\u03b3\u03c1\u03b1\u03c6\u03b9\u03ba\u03cc \u03a6\u03b5\u03c3\u03c4\u03b9\u03b2\u03ac\u03bb \u0391\u03b8\u03ae\u03bd\u03b1\u03c2\" width=\"150\" height=\"150\" \/><\/strong><\/a><a href=\"https:\/\/fecha.gr\/es\/506\/nn-sin-identidad\/\"><strong>NN (H\u00e9ctor G\u00e1lvez, Per\u00fa, 2014, 90&#8242;)<\/strong><\/a><\/p>\n<p>Los restos de un var\u00f3n desaparecido hace m\u00e1s de veinte a\u00f1os han sido exhumados pero nadie los reclama. Ahora con lo \u00fanico que cuenta para ser identificado es la fotograf\u00eda de una chica sonriente hallada debajo de su camisa. S\u00f3lo una fotograf\u00eda borrosa, fijaci\u00f3n de un tiempo y una memoria\u2026<\/p>\n<p>&nbsp;<\/p>\n<p>&nbsp;<\/p>\n<h2>mi\u00e9rcoles 8\u00a0de junio\u00a02016<\/h2>\n<h3>19.15<\/h3>\n<p><strong><a href=\"https:\/\/fecha.gr\/840\/enochi-tou-amnou-la-culpa-del-cordero\/\"><img loading=\"lazy\" decoding=\"async\" class=\"alignleft size-thumbnail wp-image-841\" src=\"https:\/\/fecha.gr\/wp-content\/uploads\/2016\/05\/la-culpa-del-cordero-150x150.jpg\" alt=\"la-culpa-del-cordero\" width=\"150\" height=\"150\" \/><\/a><a href=\"https:\/\/fecha.gr\/es\/844\/la-culpa-del-cordero\/\">LA CULPA DEL CORDERO (Gabriel Drak, Uruguay, 2012, 85&#8242;)<\/a><\/strong><\/p>\n<p>Jorge y Elena han estado casados durante treinta y cinco a\u00f1os. Ante la reciente jubilaci\u00f3n de Jorge, la pareja ha decidido hacer un cambio fundamental en su vida y para comunic\u00e1rselo al resto de la familia convocan a sus cuatro hijos a un asado en el lugar habitual de todas las celebraciones familiares: una hermosa chacra cerca del mar.<\/p>\n<p>&nbsp;<\/p>\n<p><span style=\"text-decoration: underline;\"><em><strong>Entrada libre hasta completar aforo.\u00a0Proyecci\u00f3n en el\u00a0Filmoteca de Grecia<\/strong><\/em><\/span><em><span style=\"text-decoration: underline;\"><strong>.<\/strong><\/span><\/em><\/p>\n<h2>21.00<\/h2>\n<p><strong><img loading=\"lazy\" decoding=\"async\" class=\"alignleft size-thumbnail wp-image-675\" src=\"https:\/\/fecha.gr\/wp-content\/uploads\/2016\/05\/the-clan-150x150.jpg\" alt=\"\u0397 \u03c6\u03b1\u03bc\u03b9\u03bb\u03b9\u03b1 El Clan \u03c4\u03b1\u03b9\u03bd\u03af\u03b1 FeCHA \u03a6\u03b5\u03c3\u03c4\u03b9\u03b2\u03ac\u03bb \u0399\u03c3\u03c0\u03b1\u03bd\u03cc\u03c6\u03c9\u03bd\u03bf\u03c5 \u039a\u03b9\u03bd\u03b7\u03bc\u03b1\u03c4\u03bf\u03b3\u03c1\u03ac\u03c6\u03bf\u03c5\" width=\"150\" height=\"150\" \/><a href=\"https:\/\/fecha.gr\/es\/681\/el-clan\/\">EL CLAN (Pablo Trapero, Argentina, 2015, 110&#8242;)<\/a><\/strong><\/p>\n<p><span style=\"line-height: 1.5;\">La historia se basa en el caso policial del Clan Puccio, que conmocion\u00f3 a la sociedad argentina a principios de los 80. Tras la aparente normalidad de los Puccio se oculta un siniestro clan dedicado al secuestro y al asesinato. Arqu\u00edmedes, el patriarca, lidera y planifica las operaciones.\u00a0<\/span><\/p>\n<p>&nbsp;<\/p>\n<h3>23.00<\/h3>\n<p><a href=\"https:\/\/fecha.gr\/671\/sexoualiki-zoi-ton-fyton-vida-sexual-de-las-plantas\/\"><strong><img loading=\"lazy\" decoding=\"async\" class=\"alignleft size-thumbnail wp-image-645\" src=\"https:\/\/fecha.gr\/wp-content\/uploads\/2016\/04\/377678-150x150.jpg\" alt=\"vida sexual de las plantas\" width=\"150\" height=\"150\" \/><\/strong><\/a><a href=\"https:\/\/fecha.gr\/es\/643\/vida-sexual-de-las-plantas\/\"><strong>VIDA SEXUAL DE LAS PLANTAS (Sebasti\u00e1n Brahm, Chile, 2015, 95&#8242;)<\/strong><\/a><\/p>\n<p>Despu\u00e9s de que un trauma encef\u00e1lico transforma a Guille, el gran amor de B\u00e1rbara, en un extra\u00f1o de pocas luces, ella deja de sentir deseo por \u00e9l. Acerc\u00e1ndose a los 35 y deseosa de ser madre, B\u00e1rbara rehace su vida con otro hombre pero el recuerdo del amor perdido la atormenta.<\/p>\n","protected":false},"excerpt":{"rendered":"<p>Aqu\u00ed se encuentra el programa del festival FeCHA 2017 jueves 2 de junio 2016 21.30 TRUMAN (Cesc Gay, Espa\u00f1a, 2015, 108&#8242;) Juli\u00e1n recibe la visita inesperada de su amigo Tom\u00e1s que vive en Canad\u00e1. Los dos amigos junto a Truman, su perro fiel, compartir\u00e1n, a lo largo de cuatro intensos d\u00edas, momentos emotivos y sorprendentes provocados por la dif\u00edcil situaci\u00f3n&hellip;<\/p>\n","protected":false},"author":2,"featured_media":0,"parent":0,"menu_order":0,"comment_status":"closed","ping_status":"closed","template":"","meta":{"powered_cache_disable_cache":false,"footnotes":""},"class_list":["post-544","page","type-page","status-publish","hentry","no-post-thumbnail"],"yoast_head":"<!-- This site is optimized with the Yoast SEO plugin v27.5 - https:\/\/yoast.com\/product\/yoast-seo-wordpress\/ -->\n<title>Programa - FeCHA - Festival de Cine Hispan\u00f3fono de Atenas \/ Hispanic Film Festival of Athens<\/title>\n<meta name=\"robots\" content=\"index, follow, max-snippet:-1, max-image-preview:large, max-video-preview:-1\" \/>\n<link rel=\"canonical\" href=\"https:\/\/fecha.gr\/es\/programa\/\" \/>\n<meta property=\"og:locale\" content=\"es_ES\" \/>\n<meta property=\"og:type\" content=\"article\" \/>\n<meta property=\"og:title\" content=\"Programa - FeCHA - Festival de Cine Hispan\u00f3fono de Atenas \/ Hispanic Film Festival of Athens\" \/>\n<meta property=\"og:description\" content=\"Aqu\u00ed se encuentra el programa del festival FeCHA 2017 jueves 2 de junio 2016 21.30 TRUMAN (Cesc Gay, Espa\u00f1a, 2015, 108&#8242;) Juli\u00e1n recibe la visita inesperada de su amigo Tom\u00e1s que vive en Canad\u00e1. Los dos amigos junto a Truman, su perro fiel, compartir\u00e1n, a lo largo de cuatro intensos d\u00edas, momentos emotivos y sorprendentes provocados por la dif\u00edcil situaci\u00f3n&hellip;\" \/>\n<meta property=\"og:url\" content=\"https:\/\/fecha.gr\/es\/programa\/\" \/>\n<meta property=\"og:site_name\" content=\"FeCHA - Festival de Cine Hispan\u00f3fono de Atenas \/ Hispanic Film Festival of Athens\" \/>\n<meta property=\"article:modified_time\" content=\"2017-05-19T20:39:19+00:00\" \/>\n<meta property=\"og:image\" content=\"https:\/\/fecha.gr\/wp-content\/uploads\/2016\/05\/web-1truman-150x150.jpg\" \/>\n<meta name=\"twitter:card\" content=\"summary_large_image\" \/>\n<script type=\"application\/ld+json\" class=\"yoast-schema-graph\">{\"@context\":\"https:\\\/\\\/schema.org\",\"@graph\":[{\"@type\":\"WebPage\",\"@id\":\"https:\\\/\\\/fecha.gr\\\/es\\\/programa\\\/\",\"url\":\"https:\\\/\\\/fecha.gr\\\/es\\\/programa\\\/\",\"name\":\"Programa - FeCHA - Festival de Cine Hispan\u00f3fono de Atenas \\\/ Hispanic Film Festival of Athens\",\"isPartOf\":{\"@id\":\"https:\\\/\\\/fecha.gr\\\/#website\"},\"primaryImageOfPage\":{\"@id\":\"https:\\\/\\\/fecha.gr\\\/es\\\/programa\\\/#primaryimage\"},\"image\":{\"@id\":\"https:\\\/\\\/fecha.gr\\\/es\\\/programa\\\/#primaryimage\"},\"thumbnailUrl\":\"https:\\\/\\\/fecha.gr\\\/wp-content\\\/uploads\\\/2016\\\/05\\\/web-1truman-150x150.jpg\",\"datePublished\":\"2016-04-21T16:03:42+00:00\",\"dateModified\":\"2017-05-19T20:39:19+00:00\",\"breadcrumb\":{\"@id\":\"https:\\\/\\\/fecha.gr\\\/es\\\/programa\\\/#breadcrumb\"},\"inLanguage\":\"es\",\"potentialAction\":[{\"@type\":\"ReadAction\",\"target\":[\"https:\\\/\\\/fecha.gr\\\/es\\\/programa\\\/\"]}]},{\"@type\":\"ImageObject\",\"inLanguage\":\"es\",\"@id\":\"https:\\\/\\\/fecha.gr\\\/es\\\/programa\\\/#primaryimage\",\"url\":\"https:\\\/\\\/fecha.gr\\\/wp-content\\\/uploads\\\/2016\\\/05\\\/web-1truman-150x150.jpg\",\"contentUrl\":\"https:\\\/\\\/fecha.gr\\\/wp-content\\\/uploads\\\/2016\\\/05\\\/web-1truman-150x150.jpg\"},{\"@type\":\"BreadcrumbList\",\"@id\":\"https:\\\/\\\/fecha.gr\\\/es\\\/programa\\\/#breadcrumb\",\"itemListElement\":[{\"@type\":\"ListItem\",\"position\":1,\"name\":\"Home\",\"item\":\"https:\\\/\\\/fecha.gr\\\/es\\\/coming-soon\\\/\"},{\"@type\":\"ListItem\",\"position\":2,\"name\":\"Programa\"}]},{\"@type\":\"WebSite\",\"@id\":\"https:\\\/\\\/fecha.gr\\\/#website\",\"url\":\"https:\\\/\\\/fecha.gr\\\/\",\"name\":\"FeCHA - Festival de Cine Hispan\u00f3fono de Atenas \\\/ Hispanic Film Festival of Athens\",\"description\":\"\",\"publisher\":{\"@id\":\"https:\\\/\\\/fecha.gr\\\/#organization\"},\"potentialAction\":[{\"@type\":\"SearchAction\",\"target\":{\"@type\":\"EntryPoint\",\"urlTemplate\":\"https:\\\/\\\/fecha.gr\\\/?s={search_term_string}\"},\"query-input\":{\"@type\":\"PropertyValueSpecification\",\"valueRequired\":true,\"valueName\":\"search_term_string\"}}],\"inLanguage\":\"es\"},{\"@type\":\"Organization\",\"@id\":\"https:\\\/\\\/fecha.gr\\\/#organization\",\"name\":\"FeCHA - Festival de Cine Hispan\u00f3fono de Atenas\",\"url\":\"https:\\\/\\\/fecha.gr\\\/\",\"logo\":{\"@type\":\"ImageObject\",\"inLanguage\":\"es\",\"@id\":\"https:\\\/\\\/fecha.gr\\\/#\\\/schema\\\/logo\\\/image\\\/\",\"url\":\"https:\\\/\\\/fecha.gr\\\/wp-content\\\/uploads\\\/2016\\\/05\\\/favicon-fecha.png\",\"contentUrl\":\"https:\\\/\\\/fecha.gr\\\/wp-content\\\/uploads\\\/2016\\\/05\\\/favicon-fecha.png\",\"width\":1000,\"height\":1000,\"caption\":\"FeCHA - Festival de Cine Hispan\u00f3fono de Atenas\"},\"image\":{\"@id\":\"https:\\\/\\\/fecha.gr\\\/#\\\/schema\\\/logo\\\/image\\\/\"}}]}<\/script>\n<!-- \/ Yoast SEO plugin. -->","yoast_head_json":{"title":"Programa - FeCHA - Festival de Cine Hispan\u00f3fono de Atenas \/ Hispanic Film Festival of Athens","robots":{"index":"index","follow":"follow","max-snippet":"max-snippet:-1","max-image-preview":"max-image-preview:large","max-video-preview":"max-video-preview:-1"},"canonical":"https:\/\/fecha.gr\/es\/programa\/","og_locale":"es_ES","og_type":"article","og_title":"Programa - FeCHA - Festival de Cine Hispan\u00f3fono de Atenas \/ Hispanic Film Festival of Athens","og_description":"Aqu\u00ed se encuentra el programa del festival FeCHA 2017 jueves 2 de junio 2016 21.30 TRUMAN (Cesc Gay, Espa\u00f1a, 2015, 108&#8242;) Juli\u00e1n recibe la visita inesperada de su amigo Tom\u00e1s que vive en Canad\u00e1. Los dos amigos junto a Truman, su perro fiel, compartir\u00e1n, a lo largo de cuatro intensos d\u00edas, momentos emotivos y sorprendentes provocados por la dif\u00edcil situaci\u00f3n&hellip;","og_url":"https:\/\/fecha.gr\/es\/programa\/","og_site_name":"FeCHA - Festival de Cine Hispan\u00f3fono de Atenas \/ Hispanic Film Festival of Athens","article_modified_time":"2017-05-19T20:39:19+00:00","og_image":[{"url":"https:\/\/fecha.gr\/wp-content\/uploads\/2016\/05\/web-1truman-150x150.jpg","type":"","width":"","height":""}],"twitter_card":"summary_large_image","schema":{"@context":"https:\/\/schema.org","@graph":[{"@type":"WebPage","@id":"https:\/\/fecha.gr\/es\/programa\/","url":"https:\/\/fecha.gr\/es\/programa\/","name":"Programa - FeCHA - Festival de Cine Hispan\u00f3fono de Atenas \/ Hispanic Film Festival of Athens","isPartOf":{"@id":"https:\/\/fecha.gr\/#website"},"primaryImageOfPage":{"@id":"https:\/\/fecha.gr\/es\/programa\/#primaryimage"},"image":{"@id":"https:\/\/fecha.gr\/es\/programa\/#primaryimage"},"thumbnailUrl":"https:\/\/fecha.gr\/wp-content\/uploads\/2016\/05\/web-1truman-150x150.jpg","datePublished":"2016-04-21T16:03:42+00:00","dateModified":"2017-05-19T20:39:19+00:00","breadcrumb":{"@id":"https:\/\/fecha.gr\/es\/programa\/#breadcrumb"},"inLanguage":"es","potentialAction":[{"@type":"ReadAction","target":["https:\/\/fecha.gr\/es\/programa\/"]}]},{"@type":"ImageObject","inLanguage":"es","@id":"https:\/\/fecha.gr\/es\/programa\/#primaryimage","url":"https:\/\/fecha.gr\/wp-content\/uploads\/2016\/05\/web-1truman-150x150.jpg","contentUrl":"https:\/\/fecha.gr\/wp-content\/uploads\/2016\/05\/web-1truman-150x150.jpg"},{"@type":"BreadcrumbList","@id":"https:\/\/fecha.gr\/es\/programa\/#breadcrumb","itemListElement":[{"@type":"ListItem","position":1,"name":"Home","item":"https:\/\/fecha.gr\/es\/coming-soon\/"},{"@type":"ListItem","position":2,"name":"Programa"}]},{"@type":"WebSite","@id":"https:\/\/fecha.gr\/#website","url":"https:\/\/fecha.gr\/","name":"FeCHA - Festival de Cine Hispan\u00f3fono de Atenas \/ Hispanic Film Festival of Athens","description":"","publisher":{"@id":"https:\/\/fecha.gr\/#organization"},"potentialAction":[{"@type":"SearchAction","target":{"@type":"EntryPoint","urlTemplate":"https:\/\/fecha.gr\/?s={search_term_string}"},"query-input":{"@type":"PropertyValueSpecification","valueRequired":true,"valueName":"search_term_string"}}],"inLanguage":"es"},{"@type":"Organization","@id":"https:\/\/fecha.gr\/#organization","name":"FeCHA - Festival de Cine Hispan\u00f3fono de Atenas","url":"https:\/\/fecha.gr\/","logo":{"@type":"ImageObject","inLanguage":"es","@id":"https:\/\/fecha.gr\/#\/schema\/logo\/image\/","url":"https:\/\/fecha.gr\/wp-content\/uploads\/2016\/05\/favicon-fecha.png","contentUrl":"https:\/\/fecha.gr\/wp-content\/uploads\/2016\/05\/favicon-fecha.png","width":1000,"height":1000,"caption":"FeCHA - Festival de Cine Hispan\u00f3fono de Atenas"},"image":{"@id":"https:\/\/fecha.gr\/#\/schema\/logo\/image\/"}}]}},"_links":{"self":[{"href":"https:\/\/fecha.gr\/es\/wp-json\/wp\/v2\/pages\/544","targetHints":{"allow":["GET"]}}],"collection":[{"href":"https:\/\/fecha.gr\/es\/wp-json\/wp\/v2\/pages"}],"about":[{"href":"https:\/\/fecha.gr\/es\/wp-json\/wp\/v2\/types\/page"}],"author":[{"embeddable":true,"href":"https:\/\/fecha.gr\/es\/wp-json\/wp\/v2\/users\/2"}],"replies":[{"embeddable":true,"href":"https:\/\/fecha.gr\/es\/wp-json\/wp\/v2\/comments?post=544"}],"version-history":[{"count":0,"href":"https:\/\/fecha.gr\/es\/wp-json\/wp\/v2\/pages\/544\/revisions"}],"wp:attachment":[{"href":"https:\/\/fecha.gr\/es\/wp-json\/wp\/v2\/media?parent=544"}],"curies":[{"name":"wp","href":"https:\/\/api.w.org\/{rel}","templated":true}]}}