
{"version":"1.0","provider_name":"FeCHA - Festival de Cine Hispan\u00f3fono de Atenas \/ Hispanic Film Festival of Athens","provider_url":"https:\/\/fecha.gr\/es\/","author_name":"fes","author_url":"https:\/\/fecha.gr\/es\/author\/fes\/","title":"LA URUGUAYA - FeCHA - Festival de Cine Hispan\u00f3fono de Atenas \/ Hispanic Film Festival of Athens","type":"rich","width":600,"height":338,"html":"<blockquote class=\"wp-embedded-content\" data-secret=\"X4F5SseARJ\"><a href=\"https:\/\/fecha.gr\/es\/6491\/la-uruguaya\/\">LA URUGUAYA<\/a><\/blockquote><iframe sandbox=\"allow-scripts\" security=\"restricted\" src=\"https:\/\/fecha.gr\/es\/6491\/la-uruguaya\/embed\/#?secret=X4F5SseARJ\" width=\"600\" height=\"338\" title=\"\u00abLA URUGUAYA\u00bb \u2014 FeCHA - Festival de Cine Hispan\u00f3fono de Atenas \/ Hispanic Film Festival of Athens\" data-secret=\"X4F5SseARJ\" frameborder=\"0\" marginwidth=\"0\" marginheight=\"0\" scrolling=\"no\" class=\"wp-embedded-content\"><\/iframe><script type=\"text\/javascript\">\n\/* <![CDATA[ *\/\n\/*! This file is auto-generated *\/\n!function(d,l){\"use strict\";l.querySelector&&d.addEventListener&&\"undefined\"!=typeof URL&&(d.wp=d.wp||{},d.wp.receiveEmbedMessage||(d.wp.receiveEmbedMessage=function(e){var t=e.data;if((t||t.secret||t.message||t.value)&&!\/[^a-zA-Z0-9]\/.test(t.secret)){for(var s,r,n,a=l.querySelectorAll('iframe[data-secret=\"'+t.secret+'\"]'),o=l.querySelectorAll('blockquote[data-secret=\"'+t.secret+'\"]'),c=new RegExp(\"^https?:$\",\"i\"),i=0;i<o.length;i++)o[i].style.display=\"none\";for(i=0;i<a.length;i++)s=a[i],e.source===s.contentWindow&&(s.removeAttribute(\"style\"),\"height\"===t.message?(1e3<(r=parseInt(t.value,10))?r=1e3:~~r<200&&(r=200),s.height=r):\"link\"===t.message&&(r=new URL(s.getAttribute(\"src\")),n=new URL(t.value),c.test(n.protocol))&&n.host===r.host&&l.activeElement===s&&(d.top.location.href=t.value))}},d.addEventListener(\"message\",d.wp.receiveEmbedMessage,!1),l.addEventListener(\"DOMContentLoaded\",function(){for(var e,t,s=l.querySelectorAll(\"iframe.wp-embedded-content\"),r=0;r<s.length;r++)(t=(e=s[r]).getAttribute(\"data-secret\"))||(t=Math.random().toString(36).substring(2,12),e.src+=\"#?secret=\"+t,e.setAttribute(\"data-secret\",t)),e.contentWindow.postMessage({message:\"ready\",secret:t},\"*\")},!1)))}(window,document);\n\/\/# sourceURL=https:\/\/fecha.gr\/wp-includes\/js\/wp-embed.min.js\n\/* ]]> *\/\n<\/script>\n","thumbnail_url":"https:\/\/fecha.gr\/wp-content\/uploads\/2024\/04\/la-uruguaya-3.jpg","thumbnail_width":2000,"thumbnail_height":1125,"description":"Basada en la novela de Pedro Mairal. Un escritor deposita sus esperanzas en un joven de 25 a\u00f1os de esp\u00edritu libre que conoce en Montevideo para superar la crisis de la mediana edad. Pero ese d\u00eda resulta ser el d\u00eda m\u00e1s inesperado y transformador de su vida. LA URUGUAYAAna Garc\u00eda Blaya, Argentina \u2013 Uruguay, 2022, 78\u2019"}