
{"version":"1.0","provider_name":"FeCHA - Festival de Cine Hispan\u00f3fono de Atenas \/ Hispanic Film Festival of Athens","provider_url":"https:\/\/fecha.gr\/es\/","author_name":"fes","author_url":"https:\/\/fecha.gr\/es\/author\/fes\/","title":"NN - Sin Identidad - FeCHA - Festival de Cine Hispan\u00f3fono de Atenas \/ Hispanic Film Festival of Athens","type":"rich","width":600,"height":338,"html":"<blockquote class=\"wp-embedded-content\" data-secret=\"VF9flw8MP7\"><a href=\"https:\/\/fecha.gr\/es\/506\/nn-sin-identidad\/\">NN &#8211; Sin Identidad<\/a><\/blockquote><iframe sandbox=\"allow-scripts\" security=\"restricted\" src=\"https:\/\/fecha.gr\/es\/506\/nn-sin-identidad\/embed\/#?secret=VF9flw8MP7\" width=\"600\" height=\"338\" title=\"\u00abNN &#8211; Sin Identidad\u00bb \u2014 FeCHA - Festival de Cine Hispan\u00f3fono de Atenas \/ Hispanic Film Festival of Athens\" data-secret=\"VF9flw8MP7\" frameborder=\"0\" marginwidth=\"0\" marginheight=\"0\" scrolling=\"no\" class=\"wp-embedded-content\"><\/iframe><script type=\"text\/javascript\">\n\/* <![CDATA[ *\/\n\/*! This file is auto-generated *\/\n!function(d,l){\"use strict\";l.querySelector&&d.addEventListener&&\"undefined\"!=typeof URL&&(d.wp=d.wp||{},d.wp.receiveEmbedMessage||(d.wp.receiveEmbedMessage=function(e){var t=e.data;if((t||t.secret||t.message||t.value)&&!\/[^a-zA-Z0-9]\/.test(t.secret)){for(var s,r,n,a=l.querySelectorAll('iframe[data-secret=\"'+t.secret+'\"]'),o=l.querySelectorAll('blockquote[data-secret=\"'+t.secret+'\"]'),c=new RegExp(\"^https?:$\",\"i\"),i=0;i<o.length;i++)o[i].style.display=\"none\";for(i=0;i<a.length;i++)s=a[i],e.source===s.contentWindow&&(s.removeAttribute(\"style\"),\"height\"===t.message?(1e3<(r=parseInt(t.value,10))?r=1e3:~~r<200&&(r=200),s.height=r):\"link\"===t.message&&(r=new URL(s.getAttribute(\"src\")),n=new URL(t.value),c.test(n.protocol))&&n.host===r.host&&l.activeElement===s&&(d.top.location.href=t.value))}},d.addEventListener(\"message\",d.wp.receiveEmbedMessage,!1),l.addEventListener(\"DOMContentLoaded\",function(){for(var e,t,s=l.querySelectorAll(\"iframe.wp-embedded-content\"),r=0;r<s.length;r++)(t=(e=s[r]).getAttribute(\"data-secret\"))||(t=Math.random().toString(36).substring(2,12),e.src+=\"#?secret=\"+t,e.setAttribute(\"data-secret\",t)),e.contentWindow.postMessage({message:\"ready\",secret:t},\"*\")},!1)))}(window,document);\n\/\/# sourceURL=https:\/\/fecha.gr\/wp-includes\/js\/wp-embed.min.js\n\/* ]]> *\/\n<\/script>\n","thumbnail_url":"https:\/\/fecha.gr\/wp-content\/uploads\/2016\/04\/nn-sin-identidad.jpg","thumbnail_width":1340,"thumbnail_height":733,"description":"NN una pel\u00edcula de H\u00e9ctor G\u00e1lvez Los restos de un var\u00f3n desaparecido hace m\u00e1s de veinte a\u00f1os han sido exhumados pero nadie los reclama. Ahora con lo \u00fanico que cuenta para ser identificado es la fotograf\u00eda de una chica sonriente hallada debajo de su camisa. S\u00f3lo una fotograf\u00eda borrosa, fijaci\u00f3n de un tiempo y una memoria\u2026 NOTA: NN es la&hellip;"}