
{"version":"1.0","provider_name":"FeCHA - Festival de Cine Hispan\u00f3fono de Atenas \/ Hispanic Film Festival of Athens","provider_url":"https:\/\/fecha.gr\/es\/","author_name":"fes","author_url":"https:\/\/fecha.gr\/es\/author\/fes\/","title":"La Familia - FeCHA - Festival de Cine Hispan\u00f3fono de Atenas \/ Hispanic Film Festival of Athens","type":"rich","width":600,"height":338,"html":"<blockquote class=\"wp-embedded-content\" data-secret=\"6lqwpSUMC3\"><a href=\"https:\/\/fecha.gr\/es\/1562\/la-familia\/\">La Familia<\/a><\/blockquote><iframe sandbox=\"allow-scripts\" security=\"restricted\" src=\"https:\/\/fecha.gr\/es\/1562\/la-familia\/embed\/#?secret=6lqwpSUMC3\" width=\"600\" height=\"338\" title=\"\u00abLa Familia\u00bb \u2014 FeCHA - Festival de Cine Hispan\u00f3fono de Atenas \/ Hispanic Film Festival of Athens\" data-secret=\"6lqwpSUMC3\" frameborder=\"0\" marginwidth=\"0\" marginheight=\"0\" scrolling=\"no\" class=\"wp-embedded-content\"><\/iframe><script type=\"text\/javascript\">\n\/* <![CDATA[ *\/\n\/*! This file is auto-generated *\/\n!function(d,l){\"use strict\";l.querySelector&&d.addEventListener&&\"undefined\"!=typeof URL&&(d.wp=d.wp||{},d.wp.receiveEmbedMessage||(d.wp.receiveEmbedMessage=function(e){var t=e.data;if((t||t.secret||t.message||t.value)&&!\/[^a-zA-Z0-9]\/.test(t.secret)){for(var s,r,n,a=l.querySelectorAll('iframe[data-secret=\"'+t.secret+'\"]'),o=l.querySelectorAll('blockquote[data-secret=\"'+t.secret+'\"]'),c=new RegExp(\"^https?:$\",\"i\"),i=0;i<o.length;i++)o[i].style.display=\"none\";for(i=0;i<a.length;i++)s=a[i],e.source===s.contentWindow&&(s.removeAttribute(\"style\"),\"height\"===t.message?(1e3<(r=parseInt(t.value,10))?r=1e3:~~r<200&&(r=200),s.height=r):\"link\"===t.message&&(r=new URL(s.getAttribute(\"src\")),n=new URL(t.value),c.test(n.protocol))&&n.host===r.host&&l.activeElement===s&&(d.top.location.href=t.value))}},d.addEventListener(\"message\",d.wp.receiveEmbedMessage,!1),l.addEventListener(\"DOMContentLoaded\",function(){for(var e,t,s=l.querySelectorAll(\"iframe.wp-embedded-content\"),r=0;r<s.length;r++)(t=(e=s[r]).getAttribute(\"data-secret\"))||(t=Math.random().toString(36).substring(2,12),e.src+=\"#?secret=\"+t,e.setAttribute(\"data-secret\",t)),e.contentWindow.postMessage({message:\"ready\",secret:t},\"*\")},!1)))}(window,document);\n\/\/# sourceURL=https:\/\/fecha.gr\/wp-includes\/js\/wp-embed.min.js\n\/* ]]> *\/\n<\/script>\n","thumbnail_url":"https:\/\/fecha.gr\/wp-content\/uploads\/2018\/05\/familia.jpg","thumbnail_width":1200,"thumbnail_height":649,"description":"Andr\u00e9s y su hijo Pedro, de 12 a\u00f1os, viven en una vecindad marginal de Caracas y apenas se ven. Mientras Andr\u00e9s utiliza su tiempo con sus trabajos, Pedro camina por las calles jugando con sus amigos y aprendiendo del lugar violento que le rodea. Director: Gustavo Rond\u00f3n C\u00f3rdova Pa\u00eds: Venezuela \u2013 Chile \u2013 Noruega A\u00f1o: 2017 Duraci\u00f3n: 82\u2019"}